{"id":365,"date":"2023-02-08T04:53:57","date_gmt":"2023-02-08T04:53:57","guid":{"rendered":"https:\/\/politecnicocundinamarca.edu.co\/?elementor_library=block-posts"},"modified":"2023-02-17T08:21:31","modified_gmt":"2023-02-17T08:21:31","slug":"noticia","status":"publish","type":"page","link":"https:\/\/politecnicocundinamarca.edu.co\/en\/noticia\/","title":{"rendered":"Noticia"},"content":{"rendered":"<div data-elementor-type=\"page\" data-elementor-id=\"365\" class=\"elementor elementor-365\">\n\t\t\t\t\t\t<section class=\"elementor-section elementor-top-section elementor-element elementor-element-50c0ec71 elementor-section-boxed elementor-section-height-default elementor-section-height-default\" data-id=\"50c0ec71\" data-element_type=\"section\">\n\t\t\t\t\t\t<div class=\"elementor-container elementor-column-gap-extended\">\n\t\t\t\t\t<div class=\"elementor-column elementor-col-100 elementor-top-column elementor-element elementor-element-74658a5e\" data-id=\"74658a5e\" data-element_type=\"column\">\n\t\t\t<div class=\"elementor-widget-wrap elementor-element-populated\">\n\t\t\t\t\t\t<div class=\"elementor-element elementor-element-23518400 sf-heading--decor-bottom_line elementor-widget elementor-widget-talemy-block-posts\" data-id=\"23518400\" data-element_type=\"widget\" data-widget_type=\"talemy-block-posts.default\">\n\t\t\t\t<div class=\"elementor-widget-container\">\n\t\t\t\t\t<div class=\"block-posts pb-block\" data-block=\"{&quot;atts&quot;:{&quot;title&quot;:&quot;Block Posts&quot;,&quot;subtitle&quot;:&quot;&quot;,&quot;count&quot;:6,&quot;order&quot;:&quot;&quot;,&quot;orderby&quot;:&quot;DESC&quot;,&quot;format&quot;:&quot;&quot;,&quot;categories&quot;:&quot;&quot;,&quot;exclude_categories&quot;:&quot;&quot;,&quot;course_categories&quot;:&quot;&quot;,&quot;course_tags&quot;:&quot;&quot;,&quot;mycourses&quot;:&quot;&quot;,&quot;post_type&quot;:&quot;post&quot;,&quot;post_ids&quot;:&quot;&quot;,&quot;authors&quot;:&quot;&quot;,&quot;tab_type&quot;:&quot;subcat&quot;,&quot;tab_categories&quot;:&quot;&quot;,&quot;tab_tags&quot;:&quot;&quot;,&quot;tab_authors&quot;:&quot;&quot;,&quot;tab_show_all&quot;:&quot;yes&quot;,&quot;tab_show_counts&quot;:&quot;no&quot;,&quot;tab_orderby&quot;:&quot;&quot;,&quot;tab_order&quot;:&quot;&quot;,&quot;tags&quot;:&quot;&quot;,&quot;preload_content&quot;:&quot;&quot;,&quot;pagination&quot;:&quot;load_more&quot;,&quot;ppl&quot;:6,&quot;max_loads&quot;:0,&quot;list_style&quot;:&quot;grid&quot;,&quot;current_tab_id&quot;:&quot;&quot;,&quot;show_category&quot;:&quot;yes&quot;,&quot;show_excerpt&quot;:&quot;yes&quot;,&quot;excerpt_limit&quot;:120,&quot;thumbnail_size&quot;:&quot;talemy_thumb_small&quot;,&quot;meta_data&quot;:[&quot;date&quot;,&quot;avatar&quot;,&quot;author&quot;],&quot;show_author&quot;:1,&quot;show_price&quot;:1,&quot;columns&quot;:&quot;3&quot;,&quot;columns_tablet&quot;:2,&quot;columns_mobile&quot;:1,&quot;query_args&quot;:[]},&quot;block_id&quot;:&quot;Block_Posts&quot;,&quot;max_num_pages&quot;:1,&quot;found_posts&quot;:3,&quot;query_args&quot;:{&quot;post_type&quot;:&quot;post&quot;,&quot;post_status&quot;:&quot;publish&quot;,&quot;ignore_sticky_posts&quot;:true,&quot;order&quot;:&quot;DESC&quot;,&quot;paged&quot;:1,&quot;posts_per_page&quot;:6,&quot;offset&quot;:0}}\"><div class=\"block-header\"><div class=\"sf-heading\"><h3 class=\"sf-heading__title\">Block Posts<\/h3><div class=\"sf-heading__bottom\"><span class=\"sf-heading__line\"><\/span><\/div><\/div><div class=\"block-nav\"><div class=\"tabs-wrapper\"><a class=\"tab-item\" href=\"javascript:void(0)\" data-tab-id=\"0\">All<\/a><a class=\"tab-item\" href=\"javascript:void(0)\" data-tab-id=\"72\">Actualidades<\/a><a class=\"tab-item\" href=\"javascript:void(0)\" data-tab-id=\"1\">Blogs<\/a><a class=\"tab-item\" href=\"javascript:void(0)\" data-tab-id=\"73\">Internacional<\/a><a class=\"tab-item\" href=\"javascript:void(0)\" data-tab-id=\"68\">Noticias<\/a><a class=\"tab-item\" href=\"javascript:void(0)\" data-tab-id=\"71\">Podcats<\/a><\/div><div class=\"more-tabs\"><a href=\"javascript:void(0)\" class=\"more-tab\"><span>More<\/span><i class=\"ticon-angle-down\"><\/i><\/a><div class=\"tabs-dropdown\"><\/div><\/div><\/div><\/div><div class=\"preloader\"><svg class=\"google-circular\" viewbox=\"25 25 50 50\"><circle class=\"path\" cx=\"50\" cy=\"50\" r=\"20\" fill=\"none\" stroke-width=\"4\" stroke-miterlimit=\"10\"\/><\/svg><\/div><div class=\"block-content\"><div class=\"post-list row columns-3 tablet-columns-2 mobile-columns-1\"><div class=\"loop-post post-style-grid post-1106 post type-post status-publish format-standard has-post-thumbnail hentry category-actualidades category-blog category-internacional category-noticias category-podcats tag-blog tag-course tag-lesson tag-quiz tag-topic\">\n\t<div class=\"post-body\">\n\t\t<div class=\"post-thumb\"><a href=\"https:\/\/politecnicocundinamarca.edu.co\/en\/inauguran-el-primer-archivo-digital-de-lenguas-indigenas-de-la-amazonia\/\"><img decoding=\"async\" width=\"540\" height=\"360\" src=\"https:\/\/politecnicocundinamarca.edu.co\/wp-content\/uploads\/2023\/02\/63ef9249a25cd-540x360.jpg\" class=\"attachment-talemy_thumb_small size-talemy_thumb_small wp-post-image\" alt=\"\" srcset=\"https:\/\/politecnicocundinamarca.edu.co\/wp-content\/uploads\/2023\/02\/63ef9249a25cd-540x360.jpg 540w, https:\/\/politecnicocundinamarca.edu.co\/wp-content\/uploads\/2023\/02\/63ef9249a25cd-585x390.jpg 585w\" sizes=\"(max-width: 540px) 100vw, 540px\" \/><\/a><\/div>\t\t<div class=\"post-info\">\n\t\t\t<div class=\"post-category\"><a class=\"cat-72-link\" href=\"https:\/\/politecnicocundinamarca.edu.co\/en\/category\/actualidades\/\">Actualidades<\/a><\/div>\t\t\t<h3 class=\"post-title\"><a href=\"https:\/\/politecnicocundinamarca.edu.co\/en\/inauguran-el-primer-archivo-digital-de-lenguas-indigenas-de-la-amazonia\/\">Inauguran el primer archivo digital de lenguas ind\u00edgenas de la Amazonia<\/a><\/h3>\t\t\t<div class=\"post-excerpt\">Narraciones como el origen de los sue\u00f1os malos, los cantos del ritual de la pelaz\u00f3n mag\u00fct\u00e1 o ticuna y el arrullo cantad...<\/div>\t\t<\/div>\n\t\t<ul class=\"post-meta\"><li class=\"meta-author\"><a class=\"author-avatar\" href=\"https:\/\/politecnicocundinamarca.edu.co\/en\/author\/eureka_admin\/\"><img alt='' src='https:\/\/secure.gravatar.com\/avatar\/31c58d9bd47496ea0f349bb6e122ffef?s=30&#038;d=mm&#038;r=g' srcset='https:\/\/secure.gravatar.com\/avatar\/31c58d9bd47496ea0f349bb6e122ffef?s=60&#038;d=mm&#038;r=g 2x' class='avatar avatar-30 photo' height='30' width='30' \/><\/a><a href=\"https:\/\/politecnicocundinamarca.edu.co\/en\/author\/eureka_admin\/\">eureka_admin<\/a><\/li><li class=\"meta-date\"><a href=\"https:\/\/politecnicocundinamarca.edu.co\/en\/2023\/02\/17\/\"><time datetime=\"2023-02-17T09:42:30+00:00\"><i class=\"far fa-calendar-alt\"><\/i>February 17, 2023<\/time><\/a><\/li><\/ul>\t<\/div>\n<\/div><div class=\"loop-post post-style-grid post-391 post type-post status-publish format-standard has-post-thumbnail hentry category-blog category-noticias tag-blog tag-course tag-lesson tag-quiz tag-topic\">\n\t<div class=\"post-body\">\n\t\t<div class=\"post-thumb\"><a href=\"https:\/\/politecnicocundinamarca.edu.co\/en\/convenio-entre-la-unad-y-colombia-nos-une-permitira-que-connacionales-en-el-exterior-accedan-a-descuentos-de-educacion\/\"><img loading=\"lazy\" decoding=\"async\" width=\"500\" height=\"360\" src=\"https:\/\/politecnicocundinamarca.edu.co\/wp-content\/uploads\/2023\/02\/firma_convenio_colombia_nos_une_UNAD-500x360.jpg\" class=\"attachment-talemy_thumb_small size-talemy_thumb_small wp-post-image\" alt=\"\" \/><\/a><\/div>\t\t<div class=\"post-info\">\n\t\t\t<div class=\"post-category\"><a class=\"cat-1-link\" href=\"https:\/\/politecnicocundinamarca.edu.co\/en\/category\/blog\/\">Blogs<\/a><\/div>\t\t\t<h3 class=\"post-title\"><a href=\"https:\/\/politecnicocundinamarca.edu.co\/en\/convenio-entre-la-unad-y-colombia-nos-une-permitira-que-connacionales-en-el-exterior-accedan-a-descuentos-de-educacion\/\">Convenio entre la UNAD y Colombia Nos Une permitir\u00e1 que connacionales en el exterior accedan a descuentos de educaci\u00f3n<\/a><\/h3>\t\t\t<div class=\"post-excerpt\">Entre la UNAD y el Ministerio de Relaciones Exteriores se llev\u00f3 a cabo la firma protocolaria del convenio que le permit...<\/div>\t\t<\/div>\n\t\t<ul class=\"post-meta\"><li class=\"meta-author\"><a class=\"author-avatar\" href=\"https:\/\/politecnicocundinamarca.edu.co\/en\/author\/eureka_admin\/\"><img alt='' src='https:\/\/secure.gravatar.com\/avatar\/31c58d9bd47496ea0f349bb6e122ffef?s=30&#038;d=mm&#038;r=g' srcset='https:\/\/secure.gravatar.com\/avatar\/31c58d9bd47496ea0f349bb6e122ffef?s=60&#038;d=mm&#038;r=g 2x' class='avatar avatar-30 photo' height='30' width='30' \/><\/a><a href=\"https:\/\/politecnicocundinamarca.edu.co\/en\/author\/eureka_admin\/\">eureka_admin<\/a><\/li><li class=\"meta-date\"><a href=\"https:\/\/politecnicocundinamarca.edu.co\/en\/2023\/02\/16\/\"><time datetime=\"2023-02-16T16:00:06+00:00\"><i class=\"far fa-calendar-alt\"><\/i>February 16, 2023<\/time><\/a><\/li><\/ul>\t<\/div>\n<\/div><div class=\"loop-post post-style-grid post-1101 post type-post status-publish format-standard has-post-thumbnail hentry category-blog category-noticias tag-blog tag-course tag-lesson tag-quiz tag-topic\">\n\t<div class=\"post-body\">\n\t\t<div class=\"post-thumb\"><a href=\"https:\/\/politecnicocundinamarca.edu.co\/en\/hay-deficit-de-interpretes-para-estudiantes-sordos-en-colegios-publicos-en-bogota\/\"><img loading=\"lazy\" decoding=\"async\" width=\"540\" height=\"360\" src=\"https:\/\/politecnicocundinamarca.edu.co\/wp-content\/uploads\/2023\/02\/collage-retratos-personas-diferentes-edades-haciendo-gestos-silencio-tomandolo-secreto-foto-estudio-540x360.jpg\" class=\"attachment-talemy_thumb_small size-talemy_thumb_small wp-post-image\" alt=\"\" srcset=\"https:\/\/politecnicocundinamarca.edu.co\/wp-content\/uploads\/2023\/02\/collage-retratos-personas-diferentes-edades-haciendo-gestos-silencio-tomandolo-secreto-foto-estudio-540x360.jpg 540w, https:\/\/politecnicocundinamarca.edu.co\/wp-content\/uploads\/2023\/02\/collage-retratos-personas-diferentes-edades-haciendo-gestos-silencio-tomandolo-secreto-foto-estudio-585x390.jpg 585w\" sizes=\"(max-width: 540px) 100vw, 540px\" \/><\/a><\/div>\t\t<div class=\"post-info\">\n\t\t\t<div class=\"post-category\"><a class=\"cat-1-link\" href=\"https:\/\/politecnicocundinamarca.edu.co\/en\/category\/blog\/\">Blogs<\/a><\/div>\t\t\t<h3 class=\"post-title\"><a href=\"https:\/\/politecnicocundinamarca.edu.co\/en\/hay-deficit-de-interpretes-para-estudiantes-sordos-en-colegios-publicos-en-bogota\/\">Hay d\u00e9ficit de int\u00e9rpretes para estudiantes sordos en colegios p\u00fablicos en Bogot\u00e1<\/a><\/h3>\t\t\t<div class=\"post-excerpt\">La directora de inclusi\u00f3n de la Secretar\u00eda de Educaci\u00f3n, Virginia Torres asegur\u00f3 que s\u00ed existe una problem\u00e1tica con la...<\/div>\t\t<\/div>\n\t\t<ul class=\"post-meta\"><li class=\"meta-author\"><a class=\"author-avatar\" href=\"https:\/\/politecnicocundinamarca.edu.co\/en\/author\/eureka_admin\/\"><img alt='' src='https:\/\/secure.gravatar.com\/avatar\/31c58d9bd47496ea0f349bb6e122ffef?s=30&#038;d=mm&#038;r=g' srcset='https:\/\/secure.gravatar.com\/avatar\/31c58d9bd47496ea0f349bb6e122ffef?s=60&#038;d=mm&#038;r=g 2x' class='avatar avatar-30 photo' height='30' width='30' \/><\/a><a href=\"https:\/\/politecnicocundinamarca.edu.co\/en\/author\/eureka_admin\/\">eureka_admin<\/a><\/li><li class=\"meta-date\"><a href=\"https:\/\/politecnicocundinamarca.edu.co\/en\/2023\/02\/16\/\"><time datetime=\"2023-02-16T02:30:22+00:00\"><i class=\"far fa-calendar-alt\"><\/i>February 16, 2023<\/time><\/a><\/li><\/ul>\t<\/div>\n<\/div><\/div><\/div><\/div>\t\t\t\t<\/div>\n\t\t\t\t<\/div>\n\t\t\t\t\t<\/div>\n\t\t<\/div>\n\t\t\t\t\t<\/div>\n\t\t<\/section>\n\t\t\t\t<section class=\"elementor-section elementor-top-section elementor-element elementor-element-4cc8c65 elementor-section-boxed elementor-section-height-default elementor-section-height-default\" data-id=\"4cc8c65\" data-element_type=\"section\" data-settings=\"{&quot;background_background&quot;:&quot;classic&quot;}\">\n\t\t\t\t\t\t<div class=\"elementor-container elementor-column-gap-extended\">\n\t\t\t\t\t<div class=\"elementor-column elementor-col-100 elementor-top-column elementor-element elementor-element-1f60f8d8\" data-id=\"1f60f8d8\" data-element_type=\"column\">\n\t\t\t<div class=\"elementor-widget-wrap elementor-element-populated\">\n\t\t\t\t\t\t<div class=\"elementor-element elementor-element-21e4c87 sf-heading--decor-bottom_line elementor-widget elementor-widget-talemy-block-posts\" data-id=\"21e4c87\" data-element_type=\"widget\" data-widget_type=\"talemy-block-posts.default\">\n\t\t\t\t<div class=\"elementor-widget-container\">\n\t\t\t\t\t<div class=\"block-posts pb-block\" data-block=\"{&quot;atts&quot;:{&quot;title&quot;:&quot;Block Posts&quot;,&quot;subtitle&quot;:&quot;&quot;,&quot;count&quot;:4,&quot;order&quot;:&quot;&quot;,&quot;orderby&quot;:&quot;DESC&quot;,&quot;format&quot;:&quot;&quot;,&quot;categories&quot;:&quot;&quot;,&quot;exclude_categories&quot;:&quot;&quot;,&quot;course_categories&quot;:&quot;&quot;,&quot;course_tags&quot;:&quot;&quot;,&quot;mycourses&quot;:&quot;&quot;,&quot;post_type&quot;:&quot;post&quot;,&quot;post_ids&quot;:&quot;&quot;,&quot;authors&quot;:&quot;&quot;,&quot;tab_type&quot;:&quot;subcat&quot;,&quot;tab_categories&quot;:&quot;&quot;,&quot;tab_tags&quot;:&quot;&quot;,&quot;tab_authors&quot;:&quot;&quot;,&quot;tab_show_all&quot;:&quot;yes&quot;,&quot;tab_show_counts&quot;:&quot;no&quot;,&quot;tab_orderby&quot;:&quot;&quot;,&quot;tab_order&quot;:&quot;&quot;,&quot;tags&quot;:&quot;&quot;,&quot;preload_content&quot;:&quot;preload&quot;,&quot;pagination&quot;:&quot;next_prev&quot;,&quot;ppl&quot;:4,&quot;max_loads&quot;:&quot;&quot;,&quot;list_style&quot;:&quot;grid&quot;,&quot;current_tab_id&quot;:&quot;&quot;,&quot;show_category&quot;:&quot;yes&quot;,&quot;show_excerpt&quot;:&quot;yes&quot;,&quot;excerpt_limit&quot;:50,&quot;thumbnail_size&quot;:&quot;talemy_thumb_small&quot;,&quot;meta_data&quot;:[&quot;date&quot;,&quot;author&quot;],&quot;show_author&quot;:1,&quot;show_price&quot;:1,&quot;columns&quot;:&quot;4&quot;,&quot;columns_tablet&quot;:2,&quot;columns_mobile&quot;:1,&quot;query_args&quot;:[]},&quot;block_id&quot;:&quot;Block_Posts&quot;,&quot;max_num_pages&quot;:1,&quot;found_posts&quot;:3,&quot;query_args&quot;:{&quot;post_type&quot;:&quot;post&quot;,&quot;post_status&quot;:&quot;publish&quot;,&quot;ignore_sticky_posts&quot;:true,&quot;order&quot;:&quot;DESC&quot;,&quot;paged&quot;:1,&quot;posts_per_page&quot;:4,&quot;offset&quot;:0}}\"><div class=\"block-header\"><div class=\"sf-heading\"><h3 class=\"sf-heading__title\">Block Posts<\/h3><div class=\"sf-heading__bottom\"><span class=\"sf-heading__line\"><\/span><\/div><\/div><div class=\"block-nav\"><div class=\"tabs-wrapper\"><a class=\"tab-item\" href=\"javascript:void(0)\" data-tab-id=\"0\">All<\/a><a class=\"tab-item\" href=\"javascript:void(0)\" data-tab-id=\"72\">Actualidades<\/a><a class=\"tab-item\" href=\"javascript:void(0)\" data-tab-id=\"1\">Blogs<\/a><a class=\"tab-item\" href=\"javascript:void(0)\" data-tab-id=\"73\">Internacional<\/a><a class=\"tab-item\" href=\"javascript:void(0)\" data-tab-id=\"68\">Noticias<\/a><a class=\"tab-item\" href=\"javascript:void(0)\" data-tab-id=\"71\">Podcats<\/a><\/div><div class=\"more-tabs\"><a href=\"javascript:void(0)\" class=\"more-tab\"><span>More<\/span><i class=\"ticon-angle-down\"><\/i><\/a><div class=\"tabs-dropdown\"><\/div><\/div><\/div><\/div><div class=\"preloader\"><svg class=\"google-circular\" viewbox=\"25 25 50 50\"><circle class=\"path\" cx=\"50\" cy=\"50\" r=\"20\" fill=\"none\" stroke-width=\"4\" stroke-miterlimit=\"10\"\/><\/svg><\/div><div class=\"block-content\"><div class=\"post-list row columns-4 tablet-columns-2 mobile-columns-1\"><div class=\"loop-post post-style-grid post-1106 post type-post status-publish format-standard has-post-thumbnail hentry category-actualidades category-blog category-internacional category-noticias category-podcats tag-blog tag-course tag-lesson tag-quiz tag-topic\">\n\t<div class=\"post-body\">\n\t\t<div class=\"post-thumb\"><a href=\"https:\/\/politecnicocundinamarca.edu.co\/en\/inauguran-el-primer-archivo-digital-de-lenguas-indigenas-de-la-amazonia\/\"><img decoding=\"async\" width=\"540\" height=\"360\" src=\"https:\/\/politecnicocundinamarca.edu.co\/wp-content\/uploads\/2023\/02\/63ef9249a25cd-540x360.jpg\" class=\"attachment-talemy_thumb_small size-talemy_thumb_small wp-post-image\" alt=\"\" srcset=\"https:\/\/politecnicocundinamarca.edu.co\/wp-content\/uploads\/2023\/02\/63ef9249a25cd-540x360.jpg 540w, https:\/\/politecnicocundinamarca.edu.co\/wp-content\/uploads\/2023\/02\/63ef9249a25cd-585x390.jpg 585w\" sizes=\"(max-width: 540px) 100vw, 540px\" \/><\/a><\/div>\t\t<div class=\"post-info\">\n\t\t\t<div class=\"post-category\"><a class=\"cat-72-link\" href=\"https:\/\/politecnicocundinamarca.edu.co\/en\/category\/actualidades\/\">Actualidades<\/a><\/div>\t\t\t<h3 class=\"post-title\"><a href=\"https:\/\/politecnicocundinamarca.edu.co\/en\/inauguran-el-primer-archivo-digital-de-lenguas-indigenas-de-la-amazonia\/\">Inauguran el primer archivo digital de lenguas ind\u00edgenas de la Amazonia<\/a><\/h3>\t\t\t<div class=\"post-excerpt\">Narraciones como el origen de los sue\u00f1os malos, l...<\/div>\t\t<\/div>\n\t\t<ul class=\"post-meta\"><li class=\"meta-author\"><a href=\"https:\/\/politecnicocundinamarca.edu.co\/en\/author\/eureka_admin\/\"><i class=\"fas fa-user-alt\"><\/i>eureka_admin<\/a><\/li><li class=\"meta-date\"><a href=\"https:\/\/politecnicocundinamarca.edu.co\/en\/2023\/02\/17\/\"><time datetime=\"2023-02-17T09:42:30+00:00\"><i class=\"far fa-calendar-alt\"><\/i>February 17, 2023<\/time><\/a><\/li><\/ul>\t<\/div>\n<\/div><div class=\"loop-post post-style-grid post-391 post type-post status-publish format-standard has-post-thumbnail hentry category-blog category-noticias tag-blog tag-course tag-lesson tag-quiz tag-topic\">\n\t<div class=\"post-body\">\n\t\t<div class=\"post-thumb\"><a href=\"https:\/\/politecnicocundinamarca.edu.co\/en\/convenio-entre-la-unad-y-colombia-nos-une-permitira-que-connacionales-en-el-exterior-accedan-a-descuentos-de-educacion\/\"><img loading=\"lazy\" decoding=\"async\" width=\"500\" height=\"360\" src=\"https:\/\/politecnicocundinamarca.edu.co\/wp-content\/uploads\/2023\/02\/firma_convenio_colombia_nos_une_UNAD-500x360.jpg\" class=\"attachment-talemy_thumb_small size-talemy_thumb_small wp-post-image\" alt=\"\" \/><\/a><\/div>\t\t<div class=\"post-info\">\n\t\t\t<div class=\"post-category\"><a class=\"cat-1-link\" href=\"https:\/\/politecnicocundinamarca.edu.co\/en\/category\/blog\/\">Blogs<\/a><\/div>\t\t\t<h3 class=\"post-title\"><a href=\"https:\/\/politecnicocundinamarca.edu.co\/en\/convenio-entre-la-unad-y-colombia-nos-une-permitira-que-connacionales-en-el-exterior-accedan-a-descuentos-de-educacion\/\">Convenio entre la UNAD y Colombia Nos Une permitir\u00e1 que connacionales en el exterior accedan a descuentos de educaci\u00f3n<\/a><\/h3>\t\t\t<div class=\"post-excerpt\">Entre la UNAD y el Ministerio de Relaciones Exter...<\/div>\t\t<\/div>\n\t\t<ul class=\"post-meta\"><li class=\"meta-author\"><a href=\"https:\/\/politecnicocundinamarca.edu.co\/en\/author\/eureka_admin\/\"><i class=\"fas fa-user-alt\"><\/i>eureka_admin<\/a><\/li><li class=\"meta-date\"><a href=\"https:\/\/politecnicocundinamarca.edu.co\/en\/2023\/02\/16\/\"><time datetime=\"2023-02-16T16:00:06+00:00\"><i class=\"far fa-calendar-alt\"><\/i>February 16, 2023<\/time><\/a><\/li><\/ul>\t<\/div>\n<\/div><div class=\"loop-post post-style-grid post-1101 post type-post status-publish format-standard has-post-thumbnail hentry category-blog category-noticias tag-blog tag-course tag-lesson tag-quiz tag-topic\">\n\t<div class=\"post-body\">\n\t\t<div class=\"post-thumb\"><a href=\"https:\/\/politecnicocundinamarca.edu.co\/en\/hay-deficit-de-interpretes-para-estudiantes-sordos-en-colegios-publicos-en-bogota\/\"><img loading=\"lazy\" decoding=\"async\" width=\"540\" height=\"360\" src=\"https:\/\/politecnicocundinamarca.edu.co\/wp-content\/uploads\/2023\/02\/collage-retratos-personas-diferentes-edades-haciendo-gestos-silencio-tomandolo-secreto-foto-estudio-540x360.jpg\" class=\"attachment-talemy_thumb_small size-talemy_thumb_small wp-post-image\" alt=\"\" srcset=\"https:\/\/politecnicocundinamarca.edu.co\/wp-content\/uploads\/2023\/02\/collage-retratos-personas-diferentes-edades-haciendo-gestos-silencio-tomandolo-secreto-foto-estudio-540x360.jpg 540w, https:\/\/politecnicocundinamarca.edu.co\/wp-content\/uploads\/2023\/02\/collage-retratos-personas-diferentes-edades-haciendo-gestos-silencio-tomandolo-secreto-foto-estudio-585x390.jpg 585w\" sizes=\"(max-width: 540px) 100vw, 540px\" \/><\/a><\/div>\t\t<div class=\"post-info\">\n\t\t\t<div class=\"post-category\"><a class=\"cat-1-link\" href=\"https:\/\/politecnicocundinamarca.edu.co\/en\/category\/blog\/\">Blogs<\/a><\/div>\t\t\t<h3 class=\"post-title\"><a href=\"https:\/\/politecnicocundinamarca.edu.co\/en\/hay-deficit-de-interpretes-para-estudiantes-sordos-en-colegios-publicos-en-bogota\/\">Hay d\u00e9ficit de int\u00e9rpretes para estudiantes sordos en colegios p\u00fablicos en Bogot\u00e1<\/a><\/h3>\t\t\t<div class=\"post-excerpt\">La directora de inclusi\u00f3n de la Secretar\u00eda de Edu...<\/div>\t\t<\/div>\n\t\t<ul class=\"post-meta\"><li class=\"meta-author\"><a href=\"https:\/\/politecnicocundinamarca.edu.co\/en\/author\/eureka_admin\/\"><i class=\"fas fa-user-alt\"><\/i>eureka_admin<\/a><\/li><li class=\"meta-date\"><a href=\"https:\/\/politecnicocundinamarca.edu.co\/en\/2023\/02\/16\/\"><time datetime=\"2023-02-16T02:30:22+00:00\"><i class=\"far fa-calendar-alt\"><\/i>February 16, 2023<\/time><\/a><\/li><\/ul>\t<\/div>\n<\/div><\/div><\/div><div class=\"block-preload-content\"><div class=\"block-content\" data-content-id=\"72\" data-max-pages=\"0\"><div class=\"post-list row columns-4 tablet-columns-2 mobile-columns-1\"><div class=\"loop-post post-style-grid post-1106 post type-post status-publish format-standard has-post-thumbnail hentry category-actualidades category-blog category-internacional category-noticias category-podcats tag-blog tag-course tag-lesson tag-quiz tag-topic\">\n\t<div class=\"post-body\">\n\t\t<div class=\"post-thumb\"><a href=\"https:\/\/politecnicocundinamarca.edu.co\/en\/inauguran-el-primer-archivo-digital-de-lenguas-indigenas-de-la-amazonia\/\"><img decoding=\"async\" width=\"540\" height=\"360\" src=\"https:\/\/politecnicocundinamarca.edu.co\/wp-content\/uploads\/2023\/02\/63ef9249a25cd-540x360.jpg\" class=\"attachment-talemy_thumb_small size-talemy_thumb_small wp-post-image\" alt=\"\" srcset=\"https:\/\/politecnicocundinamarca.edu.co\/wp-content\/uploads\/2023\/02\/63ef9249a25cd-540x360.jpg 540w, https:\/\/politecnicocundinamarca.edu.co\/wp-content\/uploads\/2023\/02\/63ef9249a25cd-585x390.jpg 585w\" sizes=\"(max-width: 540px) 100vw, 540px\" \/><\/a><\/div>\t\t<div class=\"post-info\">\n\t\t\t<div class=\"post-category\"><a class=\"cat-72-link\" href=\"https:\/\/politecnicocundinamarca.edu.co\/en\/category\/actualidades\/\">Actualidades<\/a><\/div>\t\t\t<h3 class=\"post-title\"><a href=\"https:\/\/politecnicocundinamarca.edu.co\/en\/inauguran-el-primer-archivo-digital-de-lenguas-indigenas-de-la-amazonia\/\">Inauguran el primer archivo digital de lenguas ind\u00edgenas de la Amazonia<\/a><\/h3>\t\t\t<div class=\"post-excerpt\">Narraciones como el origen de los sue\u00f1os malos, l...<\/div>\t\t<\/div>\n\t\t<ul class=\"post-meta\"><li class=\"meta-author\"><a href=\"https:\/\/politecnicocundinamarca.edu.co\/en\/author\/eureka_admin\/\"><i class=\"fas fa-user-alt\"><\/i>eureka_admin<\/a><\/li><li class=\"meta-date\"><a href=\"https:\/\/politecnicocundinamarca.edu.co\/en\/2023\/02\/17\/\"><time datetime=\"2023-02-17T09:42:30+00:00\"><i class=\"far fa-calendar-alt\"><\/i>February 17, 2023<\/time><\/a><\/li><\/ul>\t<\/div>\n<\/div><\/div><\/div><div class=\"block-content\" data-content-id=\"1\" data-max-pages=\"0\"><div class=\"post-list row columns-4 tablet-columns-2 mobile-columns-1\"><div class=\"loop-post post-style-grid post-1106 post type-post status-publish format-standard has-post-thumbnail hentry category-actualidades category-blog category-internacional category-noticias category-podcats tag-blog tag-course tag-lesson tag-quiz tag-topic\">\n\t<div class=\"post-body\">\n\t\t<div class=\"post-thumb\"><a href=\"https:\/\/politecnicocundinamarca.edu.co\/en\/inauguran-el-primer-archivo-digital-de-lenguas-indigenas-de-la-amazonia\/\"><img decoding=\"async\" width=\"540\" height=\"360\" src=\"https:\/\/politecnicocundinamarca.edu.co\/wp-content\/uploads\/2023\/02\/63ef9249a25cd-540x360.jpg\" class=\"attachment-talemy_thumb_small size-talemy_thumb_small wp-post-image\" alt=\"\" srcset=\"https:\/\/politecnicocundinamarca.edu.co\/wp-content\/uploads\/2023\/02\/63ef9249a25cd-540x360.jpg 540w, https:\/\/politecnicocundinamarca.edu.co\/wp-content\/uploads\/2023\/02\/63ef9249a25cd-585x390.jpg 585w\" sizes=\"(max-width: 540px) 100vw, 540px\" \/><\/a><\/div>\t\t<div class=\"post-info\">\n\t\t\t<div class=\"post-category\"><a class=\"cat-72-link\" href=\"https:\/\/politecnicocundinamarca.edu.co\/en\/category\/actualidades\/\">Actualidades<\/a><\/div>\t\t\t<h3 class=\"post-title\"><a href=\"https:\/\/politecnicocundinamarca.edu.co\/en\/inauguran-el-primer-archivo-digital-de-lenguas-indigenas-de-la-amazonia\/\">Inauguran el primer archivo digital de lenguas ind\u00edgenas de la Amazonia<\/a><\/h3>\t\t\t<div class=\"post-excerpt\">Narraciones como el origen de los sue\u00f1os malos, l...<\/div>\t\t<\/div>\n\t\t<ul class=\"post-meta\"><li class=\"meta-author\"><a href=\"https:\/\/politecnicocundinamarca.edu.co\/en\/author\/eureka_admin\/\"><i class=\"fas fa-user-alt\"><\/i>eureka_admin<\/a><\/li><li class=\"meta-date\"><a href=\"https:\/\/politecnicocundinamarca.edu.co\/en\/2023\/02\/17\/\"><time datetime=\"2023-02-17T09:42:30+00:00\"><i class=\"far fa-calendar-alt\"><\/i>February 17, 2023<\/time><\/a><\/li><\/ul>\t<\/div>\n<\/div><div class=\"loop-post post-style-grid post-391 post type-post status-publish format-standard has-post-thumbnail hentry category-blog category-noticias tag-blog tag-course tag-lesson tag-quiz tag-topic\">\n\t<div class=\"post-body\">\n\t\t<div class=\"post-thumb\"><a href=\"https:\/\/politecnicocundinamarca.edu.co\/en\/convenio-entre-la-unad-y-colombia-nos-une-permitira-que-connacionales-en-el-exterior-accedan-a-descuentos-de-educacion\/\"><img loading=\"lazy\" decoding=\"async\" width=\"500\" height=\"360\" src=\"https:\/\/politecnicocundinamarca.edu.co\/wp-content\/uploads\/2023\/02\/firma_convenio_colombia_nos_une_UNAD-500x360.jpg\" class=\"attachment-talemy_thumb_small size-talemy_thumb_small wp-post-image\" alt=\"\" \/><\/a><\/div>\t\t<div class=\"post-info\">\n\t\t\t<div class=\"post-category\"><a class=\"cat-1-link\" href=\"https:\/\/politecnicocundinamarca.edu.co\/en\/category\/blog\/\">Blogs<\/a><\/div>\t\t\t<h3 class=\"post-title\"><a href=\"https:\/\/politecnicocundinamarca.edu.co\/en\/convenio-entre-la-unad-y-colombia-nos-une-permitira-que-connacionales-en-el-exterior-accedan-a-descuentos-de-educacion\/\">Convenio entre la UNAD y Colombia Nos Une permitir\u00e1 que connacionales en el exterior accedan a descuentos de educaci\u00f3n<\/a><\/h3>\t\t\t<div class=\"post-excerpt\">Entre la UNAD y el Ministerio de Relaciones Exter...<\/div>\t\t<\/div>\n\t\t<ul class=\"post-meta\"><li class=\"meta-author\"><a href=\"https:\/\/politecnicocundinamarca.edu.co\/en\/author\/eureka_admin\/\"><i class=\"fas fa-user-alt\"><\/i>eureka_admin<\/a><\/li><li class=\"meta-date\"><a href=\"https:\/\/politecnicocundinamarca.edu.co\/en\/2023\/02\/16\/\"><time datetime=\"2023-02-16T16:00:06+00:00\"><i class=\"far fa-calendar-alt\"><\/i>February 16, 2023<\/time><\/a><\/li><\/ul>\t<\/div>\n<\/div><div class=\"loop-post post-style-grid post-1101 post type-post status-publish format-standard has-post-thumbnail hentry category-blog category-noticias tag-blog tag-course tag-lesson tag-quiz tag-topic\">\n\t<div class=\"post-body\">\n\t\t<div class=\"post-thumb\"><a href=\"https:\/\/politecnicocundinamarca.edu.co\/en\/hay-deficit-de-interpretes-para-estudiantes-sordos-en-colegios-publicos-en-bogota\/\"><img loading=\"lazy\" decoding=\"async\" width=\"540\" height=\"360\" src=\"https:\/\/politecnicocundinamarca.edu.co\/wp-content\/uploads\/2023\/02\/collage-retratos-personas-diferentes-edades-haciendo-gestos-silencio-tomandolo-secreto-foto-estudio-540x360.jpg\" class=\"attachment-talemy_thumb_small size-talemy_thumb_small wp-post-image\" alt=\"\" srcset=\"https:\/\/politecnicocundinamarca.edu.co\/wp-content\/uploads\/2023\/02\/collage-retratos-personas-diferentes-edades-haciendo-gestos-silencio-tomandolo-secreto-foto-estudio-540x360.jpg 540w, https:\/\/politecnicocundinamarca.edu.co\/wp-content\/uploads\/2023\/02\/collage-retratos-personas-diferentes-edades-haciendo-gestos-silencio-tomandolo-secreto-foto-estudio-585x390.jpg 585w\" sizes=\"(max-width: 540px) 100vw, 540px\" \/><\/a><\/div>\t\t<div class=\"post-info\">\n\t\t\t<div class=\"post-category\"><a class=\"cat-1-link\" href=\"https:\/\/politecnicocundinamarca.edu.co\/en\/category\/blog\/\">Blogs<\/a><\/div>\t\t\t<h3 class=\"post-title\"><a href=\"https:\/\/politecnicocundinamarca.edu.co\/en\/hay-deficit-de-interpretes-para-estudiantes-sordos-en-colegios-publicos-en-bogota\/\">Hay d\u00e9ficit de int\u00e9rpretes para estudiantes sordos en colegios p\u00fablicos en Bogot\u00e1<\/a><\/h3>\t\t\t<div class=\"post-excerpt\">La directora de inclusi\u00f3n de la Secretar\u00eda de Edu...<\/div>\t\t<\/div>\n\t\t<ul class=\"post-meta\"><li class=\"meta-author\"><a href=\"https:\/\/politecnicocundinamarca.edu.co\/en\/author\/eureka_admin\/\"><i class=\"fas fa-user-alt\"><\/i>eureka_admin<\/a><\/li><li class=\"meta-date\"><a href=\"https:\/\/politecnicocundinamarca.edu.co\/en\/2023\/02\/16\/\"><time datetime=\"2023-02-16T02:30:22+00:00\"><i class=\"far fa-calendar-alt\"><\/i>February 16, 2023<\/time><\/a><\/li><\/ul>\t<\/div>\n<\/div><\/div><\/div><div class=\"block-content\" data-content-id=\"73\" data-max-pages=\"0\"><div class=\"post-list row columns-4 tablet-columns-2 mobile-columns-1\"><div class=\"loop-post post-style-grid post-1106 post type-post status-publish format-standard has-post-thumbnail hentry category-actualidades category-blog category-internacional category-noticias category-podcats tag-blog tag-course tag-lesson tag-quiz tag-topic\">\n\t<div class=\"post-body\">\n\t\t<div class=\"post-thumb\"><a href=\"https:\/\/politecnicocundinamarca.edu.co\/en\/inauguran-el-primer-archivo-digital-de-lenguas-indigenas-de-la-amazonia\/\"><img decoding=\"async\" width=\"540\" height=\"360\" src=\"https:\/\/politecnicocundinamarca.edu.co\/wp-content\/uploads\/2023\/02\/63ef9249a25cd-540x360.jpg\" class=\"attachment-talemy_thumb_small size-talemy_thumb_small wp-post-image\" alt=\"\" srcset=\"https:\/\/politecnicocundinamarca.edu.co\/wp-content\/uploads\/2023\/02\/63ef9249a25cd-540x360.jpg 540w, https:\/\/politecnicocundinamarca.edu.co\/wp-content\/uploads\/2023\/02\/63ef9249a25cd-585x390.jpg 585w\" sizes=\"(max-width: 540px) 100vw, 540px\" \/><\/a><\/div>\t\t<div class=\"post-info\">\n\t\t\t<div class=\"post-category\"><a class=\"cat-72-link\" href=\"https:\/\/politecnicocundinamarca.edu.co\/en\/category\/actualidades\/\">Actualidades<\/a><\/div>\t\t\t<h3 class=\"post-title\"><a href=\"https:\/\/politecnicocundinamarca.edu.co\/en\/inauguran-el-primer-archivo-digital-de-lenguas-indigenas-de-la-amazonia\/\">Inauguran el primer archivo digital de lenguas ind\u00edgenas de la Amazonia<\/a><\/h3>\t\t\t<div class=\"post-excerpt\">Narraciones como el origen de los sue\u00f1os malos, l...<\/div>\t\t<\/div>\n\t\t<ul class=\"post-meta\"><li class=\"meta-author\"><a href=\"https:\/\/politecnicocundinamarca.edu.co\/en\/author\/eureka_admin\/\"><i class=\"fas fa-user-alt\"><\/i>eureka_admin<\/a><\/li><li class=\"meta-date\"><a href=\"https:\/\/politecnicocundinamarca.edu.co\/en\/2023\/02\/17\/\"><time datetime=\"2023-02-17T09:42:30+00:00\"><i class=\"far fa-calendar-alt\"><\/i>February 17, 2023<\/time><\/a><\/li><\/ul>\t<\/div>\n<\/div><\/div><\/div><div class=\"block-content\" data-content-id=\"68\" data-max-pages=\"0\"><div class=\"post-list row columns-4 tablet-columns-2 mobile-columns-1\"><div class=\"loop-post post-style-grid post-1106 post type-post status-publish format-standard has-post-thumbnail hentry category-actualidades category-blog category-internacional category-noticias category-podcats tag-blog tag-course tag-lesson tag-quiz tag-topic\">\n\t<div class=\"post-body\">\n\t\t<div class=\"post-thumb\"><a href=\"https:\/\/politecnicocundinamarca.edu.co\/en\/inauguran-el-primer-archivo-digital-de-lenguas-indigenas-de-la-amazonia\/\"><img decoding=\"async\" width=\"540\" height=\"360\" src=\"https:\/\/politecnicocundinamarca.edu.co\/wp-content\/uploads\/2023\/02\/63ef9249a25cd-540x360.jpg\" class=\"attachment-talemy_thumb_small size-talemy_thumb_small wp-post-image\" alt=\"\" srcset=\"https:\/\/politecnicocundinamarca.edu.co\/wp-content\/uploads\/2023\/02\/63ef9249a25cd-540x360.jpg 540w, https:\/\/politecnicocundinamarca.edu.co\/wp-content\/uploads\/2023\/02\/63ef9249a25cd-585x390.jpg 585w\" sizes=\"(max-width: 540px) 100vw, 540px\" \/><\/a><\/div>\t\t<div class=\"post-info\">\n\t\t\t<div class=\"post-category\"><a class=\"cat-72-link\" href=\"https:\/\/politecnicocundinamarca.edu.co\/en\/category\/actualidades\/\">Actualidades<\/a><\/div>\t\t\t<h3 class=\"post-title\"><a href=\"https:\/\/politecnicocundinamarca.edu.co\/en\/inauguran-el-primer-archivo-digital-de-lenguas-indigenas-de-la-amazonia\/\">Inauguran el primer archivo digital de lenguas ind\u00edgenas de la Amazonia<\/a><\/h3>\t\t\t<div class=\"post-excerpt\">Narraciones como el origen de los sue\u00f1os malos, l...<\/div>\t\t<\/div>\n\t\t<ul class=\"post-meta\"><li class=\"meta-author\"><a href=\"https:\/\/politecnicocundinamarca.edu.co\/en\/author\/eureka_admin\/\"><i class=\"fas fa-user-alt\"><\/i>eureka_admin<\/a><\/li><li class=\"meta-date\"><a href=\"https:\/\/politecnicocundinamarca.edu.co\/en\/2023\/02\/17\/\"><time datetime=\"2023-02-17T09:42:30+00:00\"><i class=\"far fa-calendar-alt\"><\/i>February 17, 2023<\/time><\/a><\/li><\/ul>\t<\/div>\n<\/div><div class=\"loop-post post-style-grid post-391 post type-post status-publish format-standard has-post-thumbnail hentry category-blog category-noticias tag-blog tag-course tag-lesson tag-quiz tag-topic\">\n\t<div class=\"post-body\">\n\t\t<div class=\"post-thumb\"><a href=\"https:\/\/politecnicocundinamarca.edu.co\/en\/convenio-entre-la-unad-y-colombia-nos-une-permitira-que-connacionales-en-el-exterior-accedan-a-descuentos-de-educacion\/\"><img loading=\"lazy\" decoding=\"async\" width=\"500\" height=\"360\" src=\"https:\/\/politecnicocundinamarca.edu.co\/wp-content\/uploads\/2023\/02\/firma_convenio_colombia_nos_une_UNAD-500x360.jpg\" class=\"attachment-talemy_thumb_small size-talemy_thumb_small wp-post-image\" alt=\"\" \/><\/a><\/div>\t\t<div class=\"post-info\">\n\t\t\t<div class=\"post-category\"><a class=\"cat-1-link\" href=\"https:\/\/politecnicocundinamarca.edu.co\/en\/category\/blog\/\">Blogs<\/a><\/div>\t\t\t<h3 class=\"post-title\"><a href=\"https:\/\/politecnicocundinamarca.edu.co\/en\/convenio-entre-la-unad-y-colombia-nos-une-permitira-que-connacionales-en-el-exterior-accedan-a-descuentos-de-educacion\/\">Convenio entre la UNAD y Colombia Nos Une permitir\u00e1 que connacionales en el exterior accedan a descuentos de educaci\u00f3n<\/a><\/h3>\t\t\t<div class=\"post-excerpt\">Entre la UNAD y el Ministerio de Relaciones Exter...<\/div>\t\t<\/div>\n\t\t<ul class=\"post-meta\"><li class=\"meta-author\"><a href=\"https:\/\/politecnicocundinamarca.edu.co\/en\/author\/eureka_admin\/\"><i class=\"fas fa-user-alt\"><\/i>eureka_admin<\/a><\/li><li class=\"meta-date\"><a href=\"https:\/\/politecnicocundinamarca.edu.co\/en\/2023\/02\/16\/\"><time datetime=\"2023-02-16T16:00:06+00:00\"><i class=\"far fa-calendar-alt\"><\/i>February 16, 2023<\/time><\/a><\/li><\/ul>\t<\/div>\n<\/div><div class=\"loop-post post-style-grid post-1101 post type-post status-publish format-standard has-post-thumbnail hentry category-blog category-noticias tag-blog tag-course tag-lesson tag-quiz tag-topic\">\n\t<div class=\"post-body\">\n\t\t<div class=\"post-thumb\"><a href=\"https:\/\/politecnicocundinamarca.edu.co\/en\/hay-deficit-de-interpretes-para-estudiantes-sordos-en-colegios-publicos-en-bogota\/\"><img loading=\"lazy\" decoding=\"async\" width=\"540\" height=\"360\" src=\"https:\/\/politecnicocundinamarca.edu.co\/wp-content\/uploads\/2023\/02\/collage-retratos-personas-diferentes-edades-haciendo-gestos-silencio-tomandolo-secreto-foto-estudio-540x360.jpg\" class=\"attachment-talemy_thumb_small size-talemy_thumb_small wp-post-image\" alt=\"\" srcset=\"https:\/\/politecnicocundinamarca.edu.co\/wp-content\/uploads\/2023\/02\/collage-retratos-personas-diferentes-edades-haciendo-gestos-silencio-tomandolo-secreto-foto-estudio-540x360.jpg 540w, https:\/\/politecnicocundinamarca.edu.co\/wp-content\/uploads\/2023\/02\/collage-retratos-personas-diferentes-edades-haciendo-gestos-silencio-tomandolo-secreto-foto-estudio-585x390.jpg 585w\" sizes=\"(max-width: 540px) 100vw, 540px\" \/><\/a><\/div>\t\t<div class=\"post-info\">\n\t\t\t<div class=\"post-category\"><a class=\"cat-1-link\" href=\"https:\/\/politecnicocundinamarca.edu.co\/en\/category\/blog\/\">Blogs<\/a><\/div>\t\t\t<h3 class=\"post-title\"><a href=\"https:\/\/politecnicocundinamarca.edu.co\/en\/hay-deficit-de-interpretes-para-estudiantes-sordos-en-colegios-publicos-en-bogota\/\">Hay d\u00e9ficit de int\u00e9rpretes para estudiantes sordos en colegios p\u00fablicos en Bogot\u00e1<\/a><\/h3>\t\t\t<div class=\"post-excerpt\">La directora de inclusi\u00f3n de la Secretar\u00eda de Edu...<\/div>\t\t<\/div>\n\t\t<ul class=\"post-meta\"><li class=\"meta-author\"><a href=\"https:\/\/politecnicocundinamarca.edu.co\/en\/author\/eureka_admin\/\"><i class=\"fas fa-user-alt\"><\/i>eureka_admin<\/a><\/li><li class=\"meta-date\"><a href=\"https:\/\/politecnicocundinamarca.edu.co\/en\/2023\/02\/16\/\"><time datetime=\"2023-02-16T02:30:22+00:00\"><i class=\"far fa-calendar-alt\"><\/i>February 16, 2023<\/time><\/a><\/li><\/ul>\t<\/div>\n<\/div><\/div><\/div><div class=\"block-content\" data-content-id=\"71\" data-max-pages=\"0\"><div class=\"post-list row columns-4 tablet-columns-2 mobile-columns-1\"><div class=\"loop-post post-style-grid post-1106 post type-post status-publish format-standard has-post-thumbnail hentry category-actualidades category-blog category-internacional category-noticias category-podcats tag-blog tag-course tag-lesson tag-quiz tag-topic\">\n\t<div class=\"post-body\">\n\t\t<div class=\"post-thumb\"><a href=\"https:\/\/politecnicocundinamarca.edu.co\/en\/inauguran-el-primer-archivo-digital-de-lenguas-indigenas-de-la-amazonia\/\"><img decoding=\"async\" width=\"540\" height=\"360\" src=\"https:\/\/politecnicocundinamarca.edu.co\/wp-content\/uploads\/2023\/02\/63ef9249a25cd-540x360.jpg\" class=\"attachment-talemy_thumb_small size-talemy_thumb_small wp-post-image\" alt=\"\" srcset=\"https:\/\/politecnicocundinamarca.edu.co\/wp-content\/uploads\/2023\/02\/63ef9249a25cd-540x360.jpg 540w, https:\/\/politecnicocundinamarca.edu.co\/wp-content\/uploads\/2023\/02\/63ef9249a25cd-585x390.jpg 585w\" sizes=\"(max-width: 540px) 100vw, 540px\" \/><\/a><\/div>\t\t<div class=\"post-info\">\n\t\t\t<div class=\"post-category\"><a class=\"cat-72-link\" href=\"https:\/\/politecnicocundinamarca.edu.co\/en\/category\/actualidades\/\">Actualidades<\/a><\/div>\t\t\t<h3 class=\"post-title\"><a href=\"https:\/\/politecnicocundinamarca.edu.co\/en\/inauguran-el-primer-archivo-digital-de-lenguas-indigenas-de-la-amazonia\/\">Inauguran el primer archivo digital de lenguas ind\u00edgenas de la Amazonia<\/a><\/h3>\t\t\t<div class=\"post-excerpt\">Narraciones como el origen de los sue\u00f1os malos, l...<\/div>\t\t<\/div>\n\t\t<ul class=\"post-meta\"><li class=\"meta-author\"><a href=\"https:\/\/politecnicocundinamarca.edu.co\/en\/author\/eureka_admin\/\"><i class=\"fas fa-user-alt\"><\/i>eureka_admin<\/a><\/li><li class=\"meta-date\"><a href=\"https:\/\/politecnicocundinamarca.edu.co\/en\/2023\/02\/17\/\"><time datetime=\"2023-02-17T09:42:30+00:00\"><i class=\"far fa-calendar-alt\"><\/i>February 17, 2023<\/time><\/a><\/li><\/ul>\t<\/div>\n<\/div><\/div><\/div><\/div><\/div>\t\t\t\t<\/div>\n\t\t\t\t<\/div>\n\t\t\t\t\t<\/div>\n\t\t<\/div>\n\t\t\t\t\t<\/div>\n\t\t<\/section>\n\t\t\t\t<section class=\"elementor-section elementor-top-section elementor-element elementor-element-7ec8fd37 elementor-section-boxed elementor-section-height-default elementor-section-height-default\" data-id=\"7ec8fd37\" data-element_type=\"section\">\n\t\t\t\t\t\t<div class=\"elementor-container elementor-column-gap-extended\">\n\t\t\t\t\t<div class=\"elementor-column elementor-col-100 elementor-top-column elementor-element elementor-element-2fb8e9c\" data-id=\"2fb8e9c\" data-element_type=\"column\">\n\t\t\t<div class=\"elementor-widget-wrap elementor-element-populated\">\n\t\t\t\t\t\t<div class=\"elementor-element elementor-element-eff183a sf-heading--decor-bottom_line elementor-widget elementor-widget-talemy-block-posts\" data-id=\"eff183a\" data-element_type=\"widget\" data-widget_type=\"talemy-block-posts.default\">\n\t\t\t\t<div class=\"elementor-widget-container\">\n\t\t\t\t\t<div class=\"block-posts pb-block\" data-block=\"{&quot;atts&quot;:{&quot;title&quot;:&quot;Block Posts&quot;,&quot;subtitle&quot;:&quot;&quot;,&quot;count&quot;:5,&quot;order&quot;:&quot;&quot;,&quot;orderby&quot;:&quot;DESC&quot;,&quot;format&quot;:&quot;&quot;,&quot;categories&quot;:&quot;&quot;,&quot;exclude_categories&quot;:&quot;&quot;,&quot;course_categories&quot;:&quot;&quot;,&quot;course_tags&quot;:&quot;&quot;,&quot;mycourses&quot;:&quot;&quot;,&quot;post_type&quot;:&quot;post&quot;,&quot;post_ids&quot;:&quot;&quot;,&quot;authors&quot;:&quot;&quot;,&quot;tab_type&quot;:&quot;subcat&quot;,&quot;tab_categories&quot;:[],&quot;tab_tags&quot;:&quot;&quot;,&quot;tab_authors&quot;:&quot;&quot;,&quot;tab_show_all&quot;:&quot;yes&quot;,&quot;tab_show_counts&quot;:&quot;no&quot;,&quot;tab_orderby&quot;:&quot;&quot;,&quot;tab_order&quot;:&quot;&quot;,&quot;tags&quot;:&quot;&quot;,&quot;preload_content&quot;:&quot;&quot;,&quot;pagination&quot;:&quot;load_more_scroll&quot;,&quot;ppl&quot;:5,&quot;max_loads&quot;:2,&quot;list_style&quot;:&quot;list&quot;,&quot;current_tab_id&quot;:&quot;&quot;,&quot;show_category&quot;:&quot;yes&quot;,&quot;show_excerpt&quot;:&quot;yes&quot;,&quot;excerpt_limit&quot;:160,&quot;thumbnail_size&quot;:&quot;talemy_thumb_small&quot;,&quot;meta_data&quot;:[&quot;date&quot;,&quot;avatar&quot;,&quot;author&quot;,&quot;comment&quot;],&quot;show_author&quot;:1,&quot;show_price&quot;:1,&quot;columns&quot;:&quot;3&quot;,&quot;columns_tablet&quot;:2,&quot;columns_mobile&quot;:1,&quot;query_args&quot;:[]},&quot;block_id&quot;:&quot;Block_Posts&quot;,&quot;max_num_pages&quot;:1,&quot;found_posts&quot;:3,&quot;query_args&quot;:{&quot;post_type&quot;:&quot;post&quot;,&quot;post_status&quot;:&quot;publish&quot;,&quot;ignore_sticky_posts&quot;:true,&quot;order&quot;:&quot;DESC&quot;,&quot;paged&quot;:1,&quot;posts_per_page&quot;:5,&quot;offset&quot;:0}}\"><div class=\"block-header\"><div class=\"sf-heading\"><h3 class=\"sf-heading__title\">Block Posts<\/h3><div class=\"sf-heading__bottom\"><span class=\"sf-heading__line\"><\/span><\/div><\/div><div class=\"block-nav\"><div class=\"tabs-wrapper\"><a class=\"tab-item\" href=\"javascript:void(0)\" data-tab-id=\"0\">All<\/a><a class=\"tab-item\" href=\"javascript:void(0)\" data-tab-id=\"72\">Actualidades<\/a><a class=\"tab-item\" href=\"javascript:void(0)\" data-tab-id=\"1\">Blogs<\/a><a class=\"tab-item\" href=\"javascript:void(0)\" data-tab-id=\"73\">Internacional<\/a><a class=\"tab-item\" href=\"javascript:void(0)\" data-tab-id=\"68\">Noticias<\/a><a class=\"tab-item\" href=\"javascript:void(0)\" data-tab-id=\"71\">Podcats<\/a><\/div><div class=\"more-tabs\"><a href=\"javascript:void(0)\" class=\"more-tab\"><span>More<\/span><i class=\"ticon-angle-down\"><\/i><\/a><div class=\"tabs-dropdown\"><\/div><\/div><\/div><\/div><div class=\"preloader\"><svg class=\"google-circular\" viewbox=\"25 25 50 50\"><circle class=\"path\" cx=\"50\" cy=\"50\" r=\"20\" fill=\"none\" stroke-width=\"4\" stroke-miterlimit=\"10\"\/><\/svg><\/div><div class=\"block-content\"><div class=\"post-list\"><div class=\"post-style-list post-1106 post type-post status-publish format-standard has-post-thumbnail hentry category-actualidades category-blog category-internacional category-noticias category-podcats tag-blog tag-course tag-lesson tag-quiz tag-topic\">\n\t<div class=\"post-body\">\n\t\t<div class=\"post-thumb\"><a href=\"https:\/\/politecnicocundinamarca.edu.co\/en\/inauguran-el-primer-archivo-digital-de-lenguas-indigenas-de-la-amazonia\/\"><img decoding=\"async\" width=\"540\" height=\"360\" src=\"https:\/\/politecnicocundinamarca.edu.co\/wp-content\/uploads\/2023\/02\/63ef9249a25cd-540x360.jpg\" class=\"attachment-talemy_thumb_small size-talemy_thumb_small wp-post-image\" alt=\"\" srcset=\"https:\/\/politecnicocundinamarca.edu.co\/wp-content\/uploads\/2023\/02\/63ef9249a25cd-540x360.jpg 540w, https:\/\/politecnicocundinamarca.edu.co\/wp-content\/uploads\/2023\/02\/63ef9249a25cd-585x390.jpg 585w\" sizes=\"(max-width: 540px) 100vw, 540px\" \/><\/a><div class=\"post-category\"><a class=\"cat-72-link\" href=\"https:\/\/politecnicocundinamarca.edu.co\/en\/category\/actualidades\/\">Actualidades<\/a><\/div><\/div>\t\t<div class=\"post-info\">\n\t\t\t<h3 class=\"post-title\"><a href=\"https:\/\/politecnicocundinamarca.edu.co\/en\/inauguran-el-primer-archivo-digital-de-lenguas-indigenas-de-la-amazonia\/\">Inauguran el primer archivo digital de lenguas ind\u00edgenas de la Amazonia<\/a><\/h3>\t\t\t<div class=\"post-excerpt\">Narraciones como el origen de los sue\u00f1os malos, los cantos del ritual de la pelaz\u00f3n mag\u00fct\u00e1 o ticuna y el arrullo cantado por el abuelo Mario S\u00e1nchez, de la com...<\/div>\t\t\t<ul class=\"post-meta\"><li class=\"meta-author\"><a class=\"author-avatar\" href=\"https:\/\/politecnicocundinamarca.edu.co\/en\/author\/eureka_admin\/\"><img alt='' src='https:\/\/secure.gravatar.com\/avatar\/31c58d9bd47496ea0f349bb6e122ffef?s=30&#038;d=mm&#038;r=g' srcset='https:\/\/secure.gravatar.com\/avatar\/31c58d9bd47496ea0f349bb6e122ffef?s=60&#038;d=mm&#038;r=g 2x' class='avatar avatar-30 photo' height='30' width='30' \/><\/a><a href=\"https:\/\/politecnicocundinamarca.edu.co\/en\/author\/eureka_admin\/\">eureka_admin<\/a><\/li><li class=\"meta-date\"><a href=\"https:\/\/politecnicocundinamarca.edu.co\/en\/2023\/02\/17\/\"><time datetime=\"2023-02-17T09:42:30+00:00\"><i class=\"far fa-calendar-alt\"><\/i>February 17, 2023<\/time><\/a><\/li><\/ul>\t\t<\/div>\n\t<\/div>\n<\/div><div class=\"post-style-list post-391 post type-post status-publish format-standard has-post-thumbnail hentry category-blog category-noticias tag-blog tag-course tag-lesson tag-quiz tag-topic\">\n\t<div class=\"post-body\">\n\t\t<div class=\"post-thumb\"><a href=\"https:\/\/politecnicocundinamarca.edu.co\/en\/convenio-entre-la-unad-y-colombia-nos-une-permitira-que-connacionales-en-el-exterior-accedan-a-descuentos-de-educacion\/\"><img loading=\"lazy\" decoding=\"async\" width=\"500\" height=\"360\" src=\"https:\/\/politecnicocundinamarca.edu.co\/wp-content\/uploads\/2023\/02\/firma_convenio_colombia_nos_une_UNAD-500x360.jpg\" class=\"attachment-talemy_thumb_small size-talemy_thumb_small wp-post-image\" alt=\"\" \/><\/a><div class=\"post-category\"><a class=\"cat-1-link\" href=\"https:\/\/politecnicocundinamarca.edu.co\/en\/category\/blog\/\">Blogs<\/a><\/div><\/div>\t\t<div class=\"post-info\">\n\t\t\t<h3 class=\"post-title\"><a href=\"https:\/\/politecnicocundinamarca.edu.co\/en\/convenio-entre-la-unad-y-colombia-nos-une-permitira-que-connacionales-en-el-exterior-accedan-a-descuentos-de-educacion\/\">Convenio entre la UNAD y Colombia Nos Une permitir\u00e1 que connacionales en el exterior accedan a descuentos de educaci\u00f3n<\/a><\/h3>\t\t\t<div class=\"post-excerpt\">Entre la UNAD y el Ministerio de Relaciones Exteriores se llev\u00f3 a cabo la firma protocolaria del convenio que le permitir\u00e1 a connacionales residentes en el ext...<\/div>\t\t\t<ul class=\"post-meta\"><li class=\"meta-author\"><a class=\"author-avatar\" href=\"https:\/\/politecnicocundinamarca.edu.co\/en\/author\/eureka_admin\/\"><img alt='' src='https:\/\/secure.gravatar.com\/avatar\/31c58d9bd47496ea0f349bb6e122ffef?s=30&#038;d=mm&#038;r=g' srcset='https:\/\/secure.gravatar.com\/avatar\/31c58d9bd47496ea0f349bb6e122ffef?s=60&#038;d=mm&#038;r=g 2x' class='avatar avatar-30 photo' height='30' width='30' \/><\/a><a href=\"https:\/\/politecnicocundinamarca.edu.co\/en\/author\/eureka_admin\/\">eureka_admin<\/a><\/li><li class=\"meta-date\"><a href=\"https:\/\/politecnicocundinamarca.edu.co\/en\/2023\/02\/16\/\"><time datetime=\"2023-02-16T16:00:06+00:00\"><i class=\"far fa-calendar-alt\"><\/i>February 16, 2023<\/time><\/a><\/li><\/ul>\t\t<\/div>\n\t<\/div>\n<\/div><div class=\"post-style-list post-1101 post type-post status-publish format-standard has-post-thumbnail hentry category-blog category-noticias tag-blog tag-course tag-lesson tag-quiz tag-topic\">\n\t<div class=\"post-body\">\n\t\t<div class=\"post-thumb\"><a href=\"https:\/\/politecnicocundinamarca.edu.co\/en\/hay-deficit-de-interpretes-para-estudiantes-sordos-en-colegios-publicos-en-bogota\/\"><img loading=\"lazy\" decoding=\"async\" width=\"540\" height=\"360\" src=\"https:\/\/politecnicocundinamarca.edu.co\/wp-content\/uploads\/2023\/02\/collage-retratos-personas-diferentes-edades-haciendo-gestos-silencio-tomandolo-secreto-foto-estudio-540x360.jpg\" class=\"attachment-talemy_thumb_small size-talemy_thumb_small wp-post-image\" alt=\"\" srcset=\"https:\/\/politecnicocundinamarca.edu.co\/wp-content\/uploads\/2023\/02\/collage-retratos-personas-diferentes-edades-haciendo-gestos-silencio-tomandolo-secreto-foto-estudio-540x360.jpg 540w, https:\/\/politecnicocundinamarca.edu.co\/wp-content\/uploads\/2023\/02\/collage-retratos-personas-diferentes-edades-haciendo-gestos-silencio-tomandolo-secreto-foto-estudio-585x390.jpg 585w\" sizes=\"(max-width: 540px) 100vw, 540px\" \/><\/a><div class=\"post-category\"><a class=\"cat-1-link\" href=\"https:\/\/politecnicocundinamarca.edu.co\/en\/category\/blog\/\">Blogs<\/a><\/div><\/div>\t\t<div class=\"post-info\">\n\t\t\t<h3 class=\"post-title\"><a href=\"https:\/\/politecnicocundinamarca.edu.co\/en\/hay-deficit-de-interpretes-para-estudiantes-sordos-en-colegios-publicos-en-bogota\/\">Hay d\u00e9ficit de int\u00e9rpretes para estudiantes sordos en colegios p\u00fablicos en Bogot\u00e1<\/a><\/h3>\t\t\t<div class=\"post-excerpt\">La directora de inclusi\u00f3n de la Secretar\u00eda de Educaci\u00f3n, Virginia Torres asegur\u00f3 que s\u00ed existe una problem\u00e1tica con la cantidad de int\u00e9rpretes con los que cuen...<\/div>\t\t\t<ul class=\"post-meta\"><li class=\"meta-author\"><a class=\"author-avatar\" href=\"https:\/\/politecnicocundinamarca.edu.co\/en\/author\/eureka_admin\/\"><img alt='' src='https:\/\/secure.gravatar.com\/avatar\/31c58d9bd47496ea0f349bb6e122ffef?s=30&#038;d=mm&#038;r=g' srcset='https:\/\/secure.gravatar.com\/avatar\/31c58d9bd47496ea0f349bb6e122ffef?s=60&#038;d=mm&#038;r=g 2x' class='avatar avatar-30 photo' height='30' width='30' \/><\/a><a href=\"https:\/\/politecnicocundinamarca.edu.co\/en\/author\/eureka_admin\/\">eureka_admin<\/a><\/li><li class=\"meta-date\"><a href=\"https:\/\/politecnicocundinamarca.edu.co\/en\/2023\/02\/16\/\"><time datetime=\"2023-02-16T02:30:22+00:00\"><i class=\"far fa-calendar-alt\"><\/i>February 16, 2023<\/time><\/a><\/li><\/ul>\t\t<\/div>\n\t<\/div>\n<\/div><\/div><\/div><\/div>\t\t\t\t<\/div>\n\t\t\t\t<\/div>\n\t\t\t\t\t<\/div>\n\t\t<\/div>\n\t\t\t\t\t<\/div>\n\t\t<\/section>\n\t\t\t\t<\/div>","protected":false},"excerpt":{"rendered":"<p>Block Posts AllUncategorizedMore Uncategorized Hello world! Welcome to WordPress. This is your first post. Edit or delete it, then start writing! eureka_admin febrero 6, 2023 Block Posts AllUncategorizedMore Uncategorized Hello [&hellip;]<\/p>","protected":false},"author":1,"featured_media":0,"parent":0,"menu_order":0,"comment_status":"closed","ping_status":"closed","template":"page-builder.php","meta":{"footnotes":""},"class_list":["post-365","page","type-page","status-publish","hentry"],"_links":{"self":[{"href":"https:\/\/politecnicocundinamarca.edu.co\/en\/wp-json\/wp\/v2\/pages\/365","targetHints":{"allow":["GET"]}}],"collection":[{"href":"https:\/\/politecnicocundinamarca.edu.co\/en\/wp-json\/wp\/v2\/pages"}],"about":[{"href":"https:\/\/politecnicocundinamarca.edu.co\/en\/wp-json\/wp\/v2\/types\/page"}],"author":[{"embeddable":true,"href":"https:\/\/politecnicocundinamarca.edu.co\/en\/wp-json\/wp\/v2\/users\/1"}],"replies":[{"embeddable":true,"href":"https:\/\/politecnicocundinamarca.edu.co\/en\/wp-json\/wp\/v2\/comments?post=365"}],"version-history":[{"count":0,"href":"https:\/\/politecnicocundinamarca.edu.co\/en\/wp-json\/wp\/v2\/pages\/365\/revisions"}],"wp:attachment":[{"href":"https:\/\/politecnicocundinamarca.edu.co\/en\/wp-json\/wp\/v2\/media?parent=365"}],"curies":[{"name":"wp","href":"https:\/\/api.w.org\/{rel}","templated":true}]}}